{"id":150,"date":"2020-06-11T18:06:03","date_gmt":"2020-06-11T18:06:03","guid":{"rendered":"https:\/\/www.corinagredig.ch\/?page_id=150"},"modified":"2023-07-19T19:19:12","modified_gmt":"2023-07-19T19:19:12","slug":"corina-kurz-und-buendig","status":"publish","type":"page","link":"https:\/\/www.corinagredig.ch\/?page_id=150","title":{"rendered":"Medienarchiv"},"content":{"rendered":"\n<h3 class=\"wp-block-heading\">2023<\/h3>\n\n\n\n<p>Tagesanzeiger, 7. Juni 2023:<a href=\"https:\/\/www.tagesanzeiger.ch\/der-nationalrat-hat-eine-chance-vertan-gleich-viermal-578783923466\" target=\"_blank\" rel=\"noreferrer noopener\">Der Nationalrat hat eine Chance vertan \u2013 gleich viermal&nbsp;<\/a><\/p>\n\n\n\n<p>NZZ am Sonntag, 3. Juni 2023:<a rel=\"noreferrer noopener\" href=\"https:\/\/www.nzz.ch\/nzz-am-sonntag\/die-maut-vor-dem-gotthard-steht-vor-dem-durchbruch-ld.1740905?reduced=true\" target=\"_blank\">An Ostern, Auffahrt und Pfingsten soll es am teuersten werden: Maut am Gotthard steht vor dem Durchbruch<\/a><\/p>\n\n\n\n<p>Sonntagszeitung, 1. Mai 2023:<a href=\"https:\/\/www.tagesanzeiger.ch\/in-einer-kinderseele-hat-es-doch-genug-platz-fuer-mehrere-idole-921795657341\" target=\"_blank\" rel=\"noreferrer noopener\">\u00abIn einer Kinderseele hat es doch genug Platz f\u00fcr mehrere Idole\u00bb<\/a><\/p>\n\n\n\n<p>Watson, 1. M\u00e4rz 2023:<a href=\"https:\/\/www.watson.ch\/schweiz\/gesellschaft%20&amp;%20politik\/499615021-bloedes-manoever-glp-gredig-kritisiert-fdp-walti-er-kontert-sofort\" target=\"_blank\" rel=\"noreferrer noopener\">\u00abUnn\u00f6tiges Man\u00f6ver\u00bb \u2013 GLP-Gredig kritisiert FDP-Waltis Verhalten bei der Kita-Vorlage<\/a><\/p>\n\n\n\n<h3 class=\"wp-block-heading\">2022<\/h3>\n\n\n\n<p>Sykora Gisler Spezial, 3. Dezember 2022:<a href=\"https:\/\/www.srf.ch\/play\/tv\/sykora-gisler---der-fussball-talk\/video\/sykora-gisler-spezial-mit-corina-gredig-politikerin?urn=urn:srf:video:8d235642-4ba6-49ee-8a81-14a397ea3f22\" target=\"_blank\" rel=\"noreferrer noopener\">Sykora Gisler Spezial mit Corina Gredig, Politikerin<\/a><\/p>\n\n\n\n<p>Neue Z\u00fcrcher Zeitung, 22. August 2022:<a href=\"https:\/\/www.nzz.ch\/schweiz\/frauenfussball-schlaegt-queen-das-haette-ich-nicht-gedacht-sagt-die-nationalraetin-und-einstige-amateurfussballerin-corina-gredig-ld.1696116?reduced=true\" target=\"_blank\" rel=\"noreferrer noopener\">\u00abFrauenfussball schl\u00e4gt Queen \u2013 das h\u00e4tte ich nicht gedacht\u00bb, sagt die Nationalr\u00e4tin und einstige Amateurfussballerin Corina Gredig<\/a><\/p>\n\n\n\n<p>Blick, 21.M\u00e4rz 2022:<a href=\"https:\/\/www.blick.ch\/politik\/glp-nationalraetinnen-fordern-lockerungen-7-jahre-sollen-fuer-einbuergerung-reichen-id17335975.html\" target=\"_blank\" rel=\"noreferrer noopener\">7 Jahre sollen f\u00fcr Einb\u00fcrgerung reichen<\/a><\/p>\n\n\n\n<p>Tagesanzeiger, 23.10.2022:<a href=\"https:\/\/www.derbund.ch\/diese-12-parlamentsneulinge-haben-sich-bereits-durchgesetzt-512946097012\" target=\"_blank\" rel=\"noreferrer noopener\">Vor diesen 12 Neuen muss sich die Konkurrenz in Acht nehmen<\/a><\/p>\n\n\n\n<h3 class=\"wp-block-heading\">2021<\/h3>\n\n\n\n<p>Neue Z\u00fcrcher Zeitung, 28. September 2021: <a href=\"https:\/\/www.nzz.ch\/wirtschaft\/nationalrat-will-verrechnungssteuer-auf-obligationenzinsen-abschaffen-das-soll-ausgelagerte-arbeitsplaetze-zurueck-in-die-schweiz-bringen-ld.1647658\">Nationalrat will Verrechnungssteuer auf Obligationenzinsen abschaffen \u2013 das soll ausgelagerte Arbeitspl\u00e4tze zur\u00fcck in die Schweiz bringen<\/a> <\/p>\n\n\n\n<p>Tagesanzeiger, 14. September 2021: <a href=\"https:\/\/www.tagesanzeiger.ch\/wem-schadet-es-wenn-wir-zur-geburt-eines-kindes-nach-deutschland-fahren-288422824691\">\u00abWem schadet es, wenn wir zur Geburt eines Kindes nach Deutschland fahren?\u00bb<\/a><\/p>\n\n\n\n<p>Tele Z\u00fcri, Sonntalk, 2. Mai 2021: <a href=\"https:\/\/www.telezueri.ch\/sonntalk\/eu-abkommen-co2-gesetz-gleichstellung-141444961\">EU-Abkommen \/ CO2-Gesetz \/ Gleichstellung<\/a> <\/p>\n\n\n\n<p>Tagesanzeiger, 19. M\u00e4rz 2021: <a href=\"https:\/\/www.tagesanzeiger.ch\/nach-den-kritischen-toenen-gegen-china-verlangt-mitte-links-jetzt-taten-778258621275\">Nach den kritischen T\u00f6nen gegen China verlangt Mitte-links jetzt Taten<\/a> <\/p>\n\n\n\n<p>Tagesanzeiger, 16. M\u00e4rz 2021: <a href=\"https:\/\/www.tagesanzeiger.ch\/wenn-der-partner-stirbt-sollen-auch-ledige-eine-rente-bekommen-944296918790\">Wenn der Partner stirbt, sollen auch Ledige eine Rente bekommen<\/a> <a href=\"https:\/\/www.tagesanzeiger.ch\/wenn-der-partner-stirbt-sollen-auch-ledige-eine-rente-bekommen-944296918790\"><\/a><\/p>\n\n\n\n<p>Neue Z\u00fcrcher Zeitung, 3. M\u00e4rz 2021: <a href=\"https:\/\/www.nzz.ch\/schweiz\/politik-und-transparenz-ist-das-parteispenden-geheimnis-am-ende-ld.1604725\">\u00dcberraschungserfolg f\u00fcr Transparenz in der Politik \u2013 ist dies das Ende des Schweizer Parteispenden-Geheimnisses?<\/a> <a href=\"https:\/\/www.nzz.ch\/schweiz\/politik-und-transparenz-ist-das-parteispenden-geheimnis-am-ende-ld.1604725\"><\/a><br>SRF, 3. M\u00e4rz 2021: <a href=\"https:\/\/www.srf.ch\/news\/schweiz\/politikfinanzierung-nationalrat-will-doch-mehr-transparenz-bei-politikfinanzierung\">Nationalrat will doch mehr Transparenz bei Politikfinanzierung<\/a><\/p>\n\n\n\n<h3 class=\"wp-block-heading\">2020<\/h3>\n\n\n\n<p>Watson, 8. Dezember 2020: <a href=\"https:\/\/www.watson.ch\/!796759785\">Corona erschwert Referenden und Initiativen \u2013 nun lancieren Politiker einen Weckruf<\/a> <\/p>\n\n\n\n<p>SRF, 8. September 2020: <a href=\"https:\/\/www.srf.ch\/news\/schweiz\/frauenteam-in-bundesbern-nun-graetschen-auch-die-parlamentarierinnen-auf-dem-fussballplatz\">Nun gr\u00e4tschen auch die Parlamentarierinnen auf dem Fussballplatz<\/a><br>20 Minuten, 8. September 2020: <a href=\"https:\/\/www.20min.ch\/story\/frauen-gruenden-erstes-fussballteam-des-nationalrates-448261783322\">Frauen gr\u00fcnden erstes Fussballteam des Nationalrates<\/a> <\/p>\n\n\n\n<p>Neue Z\u00fcrcher Zeitung, 19. Juni 2020: <a href=\"https:\/\/www.nzz.ch\/schweiz\/zivildienstgesetz-parlament-lehnt-verschaerfungen-ueberraschend-ab-ld.1562149\">Gescheitert in letzter Sekunde: Das Parlament lehnt Versch\u00e4rfungen f\u00fcr Wechsel zum Zivildienst ab<\/a><\/p>\n\n\n\n<p>Blick, 28. Mai 2020: <a rel=\"noreferrer noopener\" href=\"https:\/\/www.blick.ch\/news\/politik\/klimajugend-macht-druck-in-kommission-wird-es-knapp-showdown-um-stimmrechtsalter-16-id15908638.html\" target=\"_blank\">Showdown um Stimmrechtsalter 16<\/a><\/p>\n\n\n\n<p>Blick, 23. Mai 2020: <a href=\"https:\/\/www.blick.ch\/news\/politik\/glp-gredig-reicht-antrag-auf-inspektion-ein-corona-regime-des-bundesrats-im-visier-id15903992.html\" target=\"_blank\" rel=\"noreferrer noopener\">Corona-Regime des Bundesrats im Visier<\/a><\/p>\n\n\n\n<p>Neue Z\u00fcrcher Zeitung, 11. April 2020: <a rel=\"noreferrer noopener\" href=\"https:\/\/www.nzz.ch\/schweiz\/coronavirus-politiker-debattieren-ueber-den-einsatz-der-armee-ld.1551226\" target=\"_blank\">Der Polit-Betrieb ringt um die politische Deutungshoheit \u00fcber den Corona-Einsatz der Armee<\/a><\/p>\n\n\n\n<p>Watson, 15. M\u00e4rz 2020: <a href=\"https:\/\/www.watson.ch\/schweiz\/gesellschaft%20&amp;%20politik\/199321146-u35-parlamentarier-rufen-zu-solidaritaet-mit-corona-risikogruppen-auf\" target=\"_blank\" rel=\"noreferrer noopener\">\u00abDie Schweiz kann das!\u00bb \u2013 U35-Parlamentarier rufen zu Solidarit\u00e4t mit Risikogruppen auf<\/a><\/p>\n\n\n\n<p>Swissinfo, 13. Februar 2020: <a href=\"https:\/\/www.swissinfo.ch\/eng\/women-in-parliament---corina-gredig_building-bridges-between-society--business--and-the-environment\/45554442\" target=\"_blank\" rel=\"noreferrer noopener\">Building bridges between society, business, and the environment<\/a><\/p>\n\n\n\n<h3 class=\"wp-block-heading\">2019<\/h3>\n\n\n\n<p>Neue Z\u00fcrcher Zeitung, 19. Dezember 2019: Jungpolitiker k\u00e4mpfen f\u00fcr den Zivildienst<\/p>\n\n\n\n<p>Watson, 17. Dezember 2019:<a href=\"https:\/\/www.watson.ch\/schweiz\/armee\/404125991-zivildienst-junges-parlament-koennte-umstrittene-verschaerfung-kippen\" target=\"_blank\" rel=\"noreferrer noopener\">Showdown um Zivildienst: Gelingt den Neo-Parlamentariern der erste grosse Coup?<\/a><\/p>\n\n\n\n<p>Tagesanzeiger, 1. Dezember 2019: <a href=\"https:\/\/www.tagesanzeiger.ch\/schweiz\/standard\/brechen-in-bern-neue-zeiten-an\/story\/28511809\" target=\"_blank\" rel=\"noreferrer noopener\">Funktionieren die alten Tricks bei den Neuen in Bern?<\/a> (Abo+)<\/p>\n\n\n\n<p>SRF, 26. November 2019: <a href=\"https:\/\/www.srf.ch\/news\/schweiz\/wahlen-2019\/wahlen-2019-kantone\/wahlen-2019-zuerich\/wahlkampf-budget-mit-wenig-geld-zum-erfolg\" target=\"_blank\" rel=\"noreferrer noopener\">Mit wenig Geld zum Erfolg<\/a><\/p>\n\n\n\n<p>Tele Z\u00fcri, Talk t\u00e4glich, 22. Oktober 2019: <a href=\"https:\/\/www.telezueri.ch\/talktaeglich\/die-jungen-wilden-135804040\" target=\"_blank\" rel=\"noreferrer noopener\">Die jungen Wilden<\/a><\/p>\n\n\n\n<p>SRF Nachwahlsendung, 21. Oktober 2019:<a href=\"https:\/\/www.srf.ch\/play\/tv\/wahlen-19\/video\/rueckschau-auf-national--und-staenderatswahlen---teil-2?id=5b292442-9de5-4f1a-9fd8-1ae7075a6a81\" target=\"_blank\" rel=\"noreferrer noopener\">R\u00fcckschau auf National- und St\u00e4nderatswahlen \u2013 Teil 2<\/a><\/p>\n\n\n\n<p>SRF Regionaljournal Z\u00fcrich Schaffhausen, 21. Oktober 2019: <a href=\"https:\/\/www.srf.ch\/news\/schweiz\/wahlen-2019\/wahlen-2019-kantone\/wahlen-2019-zuerich\/frischer-wind-im-bundeshaus-viele-junge-frauen-ersetzen-altgediente-im-nationalrat\" target=\"_blank\" rel=\"noreferrer noopener\">Frischer Wind im Bundeshaus &#8211; Viele junge Frauen ersetzen Altgediente im Nationalrat<\/a><\/p>\n\n\n\n<p>Neue Z\u00fcrcher Zeitung, 20. Oktober 2019: <a href=\"https:\/\/www.nzz.ch\/zuerich\/corina-gredig-zuerich-ist-ein-gruenliberaler-kanton-ld.1516655?reduced=true\" target=\"_blank\" rel=\"noreferrer noopener\">Corina Gredig: \u00abZ\u00fcrich ist ein gr\u00fcnliberaler Kanton\u00bb<\/a><\/p>\n\n\n\n<p>SRF Tagesschau Hauptausgabe, 20. Oktober 2019: <a href=\"https:\/\/www.srf.ch\/play\/tv\/tagesschau\/video\/wahlen-2019-mit-einer-kandidatin-durch-den-wahltag?id=2e25d1f5-601d-43ba-8710-51388a7f8940\" target=\"_blank\" rel=\"noreferrer noopener\">Wahlen 2019: Mit einer Kandidatin durch den Wahltag<\/a><\/p>\n\n\n\n<p>Le Temps, 16. Oktober 2019:<a href=\"https:\/\/www.letemps.ch\/suisse\/six-espoirs-alemaniques-elections-federales\" target=\"_blank\" rel=\"noreferrer noopener\">Six espoirs al\u00e9maniques pour les \u00e9lections f\u00e9d\u00e9rales<\/a><\/p>\n\n\n\n<p>Ts\u00fcri.ch, 7. Oktober 2019:<a href=\"https:\/\/tsri.ch\/zh\/glp-kantonsratin-corina-gredig-im-klima-check\/\" target=\"_blank\" rel=\"noreferrer noopener\">Glp-Kantonsr\u00e4tin Corina Gredig im Klima-Check<\/a><\/p>\n\n\n\n<p>PS Zeitung, 7. Oktober 2019: <a href=\"https:\/\/www.pszeitung.ch\/fuers-ruetli-des-21-jahrhunderts\/\" target=\"_blank\" rel=\"noreferrer noopener\">F\u00fcrs \u00abR\u00fctli des 21. Jahrhunderts\u00bb<\/a>&nbsp;<\/p>\n\n\n\n<p>Neue Z\u00fcrcher Zeitung, 2. Oktober 2019:<a href=\"https:\/\/www.nzz.ch\/zuerich\/kinderkrippen-in-zuerich-kanton-soll-familien-unterstuetzen-ld.1512838\" target=\"_blank\" rel=\"noreferrer noopener\">Kinderkrippen in Z\u00fcrich: Kanton soll Familien unterst\u00fctzen<\/a><\/p>\n\n\n\n<p>Neue Z\u00fcrcher Zeitung, 26. September 2019: <a href=\"https:\/\/www.nzz.ch\/zuerich\/nationalratswahl-parteien-in-zuerich-vor-dem-wahltag-ld.1508183?reduced=true\" target=\"_blank\" rel=\"noreferrer noopener\">Diese Z\u00fcrcher Parteien m\u00fcssen bei den Nationalratswahlen zittern<\/a><\/p>\n\n\n\n<p>Radio TOP Online, 19. September 2019: <a href=\"https:\/\/www.toponline.ch\/news\/wahlen-abstimmungen\/detail\/news\/wahlgang-auf-radio-top-mit-nationalratskandidaten-durchs-sendegebiet-spazieren-00119361\/\" target=\"_blank\" rel=\"noreferrer noopener\">\u00abWahlgang\u00bb auf RADIO TOP: Mit Nationalratskandidaten durchs Sendegebiet spazieren<\/a><\/p>\n\n\n\n<p>Ts\u00fcri.ch, 18. September 2019:<a href=\"https:\/\/tsri.ch\/zh\/diese-urbanen-millenials-konnten-es-ins-parlament-schaffen-wahlen-nationalrat-zuerich\/\" target=\"_blank\" rel=\"noreferrer noopener\">Diese urbanen Millennials k\u00f6nnten es ins Parlament schaffen\u2028<\/a><\/p>\n\n\n\n<p>Tages-Anzeiger, 17. September 2019: <a href=\"https:\/\/www.tagesanzeiger.ch\/zuerich\/region\/die-krippennormen-kippen\/story\/10803454\" target=\"_blank\" rel=\"noreferrer noopener\">Die Krippen-Normen kippen<\/a><\/p>\n\n\n\n<p>Z\u00fcrichsee-Zeitung, 9. September 2019: <a href=\"https:\/\/www.zsz.ch\/meilen\/der-reformierte-geist-als-wertevermittler\/story\/15285198\" target=\"_blank\" rel=\"noreferrer noopener\">Herrliberg: Der Reformierte Geist als Wertevermittler<\/a><\/p>\n\n\n\n<p>Neue Z\u00fcrcher Zeitung, 28. August 2019: <a href=\"https:\/\/www.nzz.ch\/zuerich\/nationalratswahlen-glp-zuerich-will-vier-nationalratssitze-ld.1504768?reduced=true\" target=\"_blank\" rel=\"noreferrer noopener\">Aus dem Jammertal zum H\u00f6henflug: Die Z\u00fcrcher GLP will mindestens vier Nationalr\u00e4te nach Bern schicken<\/a><\/p>\n\n\n\n<p>Tages-Anzeiger, 15. August 2019: <a href=\"https:\/\/www.tagesanzeiger.ch\/zuerich\/region\/die-senioren-wollen-bern-stuermen\/story\/21999268\" target=\"_blank\" rel=\"noreferrer noopener\">Diese Senioren wollen Bern st\u00fcrmen<\/a><\/p>\n\n\n\n<p>Neue Z\u00fcrcher Zeitung, 24. M\u00e4rz 2019: <a href=\"https:\/\/www.nzz.ch\/zuerich\/die-gruenliberalen-im-hoch-wir-freuen-uns-auf-die-aufgabe-als-brueckenbauerin-ld.1469663\" target=\"_blank\" rel=\"noreferrer noopener\">Die Gr\u00fcnliberalen im Hoch: \u00abWir freuen uns auf die Aufgabe als Br\u00fcckenbauer\u00bb<\/a><\/p>\n\n\n\n<p>Le Temps, 20. M\u00e4rz 2019: <a href=\"https:\/\/www.letemps.ch\/suisse\/corina-gredig-politique-mode-startup\" target=\"_blank\" rel=\"noreferrer noopener\">Corina Gredig, la politique en mode start-up<\/a><\/p>\n\n\n\n<p>Weltwoche, 6. M\u00e4rz 2019: Kopf der Woche: <a href=\"https:\/\/www.weltwoche.ch\/ausgaben\/2019-10\/artikel\/die-frau-die-chantal-gallade-ruberzog-die-weltwoche-ausgabe-10-2019.html\" target=\"_blank\" rel=\"noreferrer noopener\">\u00abDie Frau, die Chantal Gallad\u00e9 r\u00fcberzog\u00bb<\/a><\/p>\n\n\n\n<p>Watson, 22. Februar 2019: <a href=\"https:\/\/www.watson.ch\/schweiz\/klima\/916039065-klimanotstand-basel-das-passiert-in-anderen-kantonen\" target=\"_blank\" rel=\"noreferrer noopener\">Basler Klimanotstand ist nur der Anfang: Das passiert jetzt in den anderen Kantonen<\/a><\/p>\n\n\n\n<h3 class=\"wp-block-heading\">2018<\/h3>\n\n\n\n<p>Tele Z\u00fcri, 21. November 2018: <a rel=\"noreferrer noopener\" href=\"https:\/\/www.telezueri.ch\/zueriinfo\/hippes-duo-in-der-glp-fuehrung-133748081\" target=\"_blank\">Hippes Duo in der glp-F\u00fchrung<\/a><\/p>\n\n\n\n<p>Limmattaler Zeitung, 21. November 2018: <a href=\"https:\/\/www.limmattalerzeitung.ch\/limmattal\/region-limmattal\/die-kantonale-glp-hat-eine-neue-partei-doppelspitze-corina-gredig-und-nicola-forster-133744457\" target=\"_blank\" rel=\"noreferrer noopener\">Die kantonale GLP hat eine neue Partei-Doppelspitze: Corina Gredig und Nicola Forster<\/a><\/p>\n\n\n\n<p>Neue Z\u00fcrcher Zeitung, 20. November 2018: <a href=\"https:\/\/www.nzz.ch\/zuerich\/bei-den-zuercher-gruenliberalen-uebernimmt-jetzt-die-zweite-generation-ld.1437060\" target=\"_blank\" rel=\"noreferrer noopener\">Bei den Z\u00fcrcher Gr\u00fcnliberalen \u00fcbernimmt jetzt die zweite Generation<\/a><\/p>\n\n\n\n<p>Tagesanzeiger, 31. Oktober 2018: <a rel=\"noreferrer noopener\" href=\"https:\/\/www.tagesanzeiger.ch\/zuerich\/region\/die-sp-ist-eine-linkskonservative-kraft-geworden\/story\/24885098\" target=\"_blank\">\u00abDie SP positioniert sich immer wieder linkskonservativ\u00bb<\/a><\/p>\n\n\n\n<h3 class=\"wp-block-heading\">2017<\/h3>\n\n\n\n<p>Watson, 22. Februar 2017:<a href=\"https:\/\/www.watson.ch\/schweiz\/glp\/839709105-comeback-der-gruenliberalen-mit-progressiven-ideen-aus-eigener-denkfabrik\" target=\"_blank\" rel=\"noreferrer noopener\">Die Gr\u00fcnliberalen melden sich zur\u00fcck &nbsp;\u2013 mit progressiven Ideen aus eigener Denkfabrik<\/a><\/p>\n\n\n\n<div class=\"wp-block-image\"><figure class=\"aligncenter\"><img loading=\"lazy\" decoding=\"async\" width=\"683\" height=\"691\" src=\"https:\/\/www.corinagredig.ch\/wp-content\/uploads\/2019\/03\/Lokalinfo_Corina_Gredig.png\" alt=\"\" class=\"wp-image-29\" srcset=\"https:\/\/www.corinagredig.ch\/wp-content\/uploads\/2019\/03\/Lokalinfo_Corina_Gredig.png 683w, https:\/\/www.corinagredig.ch\/wp-content\/uploads\/2019\/03\/Lokalinfo_Corina_Gredig-297x300.png 297w\" sizes=\"auto, (max-width: 683px) 100vw, 683px\" \/><\/figure><\/div>\n\n\n\n<hr class=\"wp-block-separator\"\/>\n","protected":false},"excerpt":{"rendered":"<p>2023 Tagesanzeiger, 7. Juni 2023:Der Nationalrat hat eine Chance vertan \u2013 gleich viermal&nbsp; NZZ am Sonntag, 3. Juni 2023:An Ostern, Auffahrt und Pfingsten soll es am teuersten werden: Maut am &#8230;<\/p>\n","protected":false},"author":1,"featured_media":0,"parent":0,"menu_order":0,"comment_status":"closed","ping_status":"closed","template":"","meta":{"jetpack_post_was_ever_published":false,"footnotes":""},"class_list":["post-150","page","type-page","status-publish","hentry"],"jetpack_sharing_enabled":false,"jetpack_shortlink":"https:\/\/wp.me\/PaNEFB-2q","_links":{"self":[{"href":"https:\/\/www.corinagredig.ch\/index.php?rest_route=\/wp\/v2\/pages\/150","targetHints":{"allow":["GET"]}}],"collection":[{"href":"https:\/\/www.corinagredig.ch\/index.php?rest_route=\/wp\/v2\/pages"}],"about":[{"href":"https:\/\/www.corinagredig.ch\/index.php?rest_route=\/wp\/v2\/types\/page"}],"author":[{"embeddable":true,"href":"https:\/\/www.corinagredig.ch\/index.php?rest_route=\/wp\/v2\/users\/1"}],"replies":[{"embeddable":true,"href":"https:\/\/www.corinagredig.ch\/index.php?rest_route=%2Fwp%2Fv2%2Fcomments&post=150"}],"version-history":[{"count":8,"href":"https:\/\/www.corinagredig.ch\/index.php?rest_route=\/wp\/v2\/pages\/150\/revisions"}],"predecessor-version":[{"id":201,"href":"https:\/\/www.corinagredig.ch\/index.php?rest_route=\/wp\/v2\/pages\/150\/revisions\/201"}],"wp:attachment":[{"href":"https:\/\/www.corinagredig.ch\/index.php?rest_route=%2Fwp%2Fv2%2Fmedia&parent=150"}],"curies":[{"name":"wp","href":"https:\/\/api.w.org\/{rel}","templated":true}]}}